{"id":91,"date":"2016-07-14T16:33:26","date_gmt":"2016-07-14T22:33:26","guid":{"rendered":"http:\/\/documenta.virk.io\/inicio\/"},"modified":"2025-11-27T11:54:06","modified_gmt":"2025-11-27T17:54:06","slug":"inicio","status":"publish","type":"page","link":"https:\/\/observatorio-de-prisiones.documenta.org.mx\/desarrollo-pruebas\/","title":{"rendered":"Observatorio de prisiones"},"content":{"rendered":"\n<div class=\"wp-block-cover alignfull is-style-default mb-0 mt-0\" style=\"min-height:60vh;aspect-ratio:unset;\"><img loading=\"lazy\" decoding=\"async\" width=\"1400\" height=\"520\" class=\"wp-block-cover__image-background wp-image-7107 size-large\" alt=\"en la fotograf\u00eda, personas en aparente protesta en una c\u00e1rcel, con sus rostros a medio subrir aparecen detr\u00e1s de un alambrado de seguridad\" src=\"https:\/\/observatorio-de-prisiones.documenta.org.mx\/desarrollo-pruebas\/wp-content\/uploads\/2025\/08\/crop-0-0-1400-520-0-banner-prisiones.png\" data-object-fit=\"cover\" srcset=\"https:\/\/observatorio-de-prisiones.documenta.org.mx\/desarrollo-pruebas\/wp-content\/uploads\/2025\/08\/crop-0-0-1400-520-0-banner-prisiones.png 1400w, https:\/\/observatorio-de-prisiones.documenta.org.mx\/desarrollo-pruebas\/wp-content\/uploads\/2025\/08\/crop-0-0-1400-520-0-banner-prisiones-300x111.png 300w, https:\/\/observatorio-de-prisiones.documenta.org.mx\/desarrollo-pruebas\/wp-content\/uploads\/2025\/08\/crop-0-0-1400-520-0-banner-prisiones-1024x380.png 1024w, https:\/\/observatorio-de-prisiones.documenta.org.mx\/desarrollo-pruebas\/wp-content\/uploads\/2025\/08\/crop-0-0-1400-520-0-banner-prisiones-768x285.png 768w\" sizes=\"auto, (max-width: 1400px) 100vw, 1400px\" \/><span aria-hidden=\"true\" class=\"wp-block-cover__background has-negativo-background-color has-background-dim\"><\/span><div class=\"wp-block-cover__inner-container is-layout-flow wp-block-cover-is-layout-flow\">\n<div class=\"wp-block-columns alignwide is-layout-flex wp-container-core-columns-is-layout-9d6595d7 wp-block-columns-is-layout-flex\">\n<div class=\"wp-block-column is-layout-flow wp-block-column-is-layout-flow\" style=\"flex-basis:10%\"><\/div>\n\n\n\n<div class=\"wp-block-column is-layout-flow wp-block-column-is-layout-flow\" style=\"flex-basis:80%\">\n<h2 class=\"wp-block-heading has-text-align-center has-gigantic-font-size\"><em>Monitoreo al sistema penitenciario mexicano<\/em><\/h2>\n\n\n\n<p><\/p>\n<\/div>\n\n\n\n<div class=\"wp-block-column is-layout-flow wp-block-column-is-layout-flow\" style=\"flex-basis:10%\"><\/div>\n<\/div>\n\n\n\n<div class=\"wp-block-columns alignwide is-layout-flex wp-container-core-columns-is-layout-9d6595d7 wp-block-columns-is-layout-flex\">\n<div class=\"wp-block-column is-layout-flow wp-block-column-is-layout-flow\"><\/div>\n\n\n\n<div class=\"wp-block-column is-layout-flow wp-block-column-is-layout-flow\" style=\"flex-basis:60%\">\n<p class=\"has-text-align-center has-text-color has-medium-font-size\" style=\"color:#ffffff\"><strong>El Observatorio de Prisiones es una iniciativa de Documenta que busca visibilizar la realidad de las c\u00e1rceles y contribuir a un sistema de justicia m\u00e1s justo, abierto y respetuoso de los derechos humanos.<\/strong><\/p>\n\n\n\n<p><\/p>\n<\/div>\n\n\n\n<div class=\"wp-block-column is-layout-flow wp-block-column-is-layout-flow\"><\/div>\n<\/div>\n<\/div><\/div>\n\n\n\n<div class=\"wp-block-columns alignfull has-color-2-background-color has-background is-layout-flex wp-container-core-columns-is-layout-9d6595d7 wp-block-columns-is-layout-flex\">\n<div class=\"wp-block-column is-layout-flow wp-block-column-is-layout-flow\" style=\"flex-basis:25%\"><\/div>\n\n\n\n<div class=\"wp-block-column is-layout-flow wp-block-column-is-layout-flow\" style=\"padding-top:var(--wp--preset--spacing--60);padding-bottom:var(--wp--preset--spacing--60);flex-basis:50%\">\n<div class=\"wp-block-uagb-counter uagb-block-b9357f58 wp-block-uagb-counter--number\"><div class=\"wp-block-uagb-counter__number\"><span class=\"uagb-counter-block-number\" data-duration=\"1.5\" data-to-value=\"244448\" data-from-value=\"100000\" data-delimiter=\",\"><\/span><\/div><div class=\"wp-block-uagb-counter__title\">Personas privadas de la libertad en M\u00e9xico<\/div><\/div>\n<\/div>\n\n\n\n<div class=\"wp-block-column is-layout-flow wp-block-column-is-layout-flow\" style=\"flex-basis:25%\"><\/div>\n<\/div>\n\n\n\n<div style=\"height:4vw\" aria-hidden=\"true\" class=\"wp-block-spacer\"><\/div>\n\n\n\n<div class=\"wp-block-columns alignwide are-vertically-aligned-top is-layout-flex wp-container-core-columns-is-layout-9d6595d7 wp-block-columns-is-layout-flex\">\n<div class=\"wp-block-column is-vertically-aligned-top is-layout-flow wp-block-column-is-layout-flow\" style=\"flex-basis:40%\">\n<h2 class=\"wp-block-heading has-text-align-right\">\u00bfPara qu\u00e9 un observatorio de prisiones?<\/h2>\n<\/div>\n\n\n\n<div class=\"wp-block-column is-vertically-aligned-top borde-izquierdo is-layout-flow wp-block-column-is-layout-flow\" style=\"flex-basis:60%\">\n<p>En Documenta creemos que compartir informaci\u00f3n de calidad y explicada de forma sencilla ayuda a entender mejor una realidad compleja.&nbsp;<\/p>\n\n\n\n<p>El Observatorio muestra, con datos y evidencia, cu\u00e1l es la situaci\u00f3n de los centros penitenciarios del pa\u00eds. Queremos contribuir al fortalecimiento del estado de derecho y a combatir la opacidad y la discrecionalidad que hoy marcan al sistema penitenciario.<\/p>\n<\/div>\n<\/div>\n\n\n\n<div style=\"height:4vw\" aria-hidden=\"true\" class=\"wp-block-spacer\"><\/div>\n\n\n\n<div class=\"wp-block-columns alignfull are-vertically-aligned-center has-blanco-color has-text-color has-link-color wp-elements-6f471cc4a66c961ff7af94c8b7403270 is-layout-flex wp-container-core-columns-is-layout-9d6595d7 wp-block-columns-is-layout-flex\">\n<div class=\"wp-block-column is-vertically-aligned-center is-layout-flow wp-block-column-is-layout-flow\">\n<figure class=\"wp-block-image size-full is-style-default redondear-der has-lightbox\"><img loading=\"lazy\" decoding=\"async\" width=\"600\" height=\"400\" src=\"https:\/\/observatorio-de-prisiones.documenta.org.mx\/desarrollo-pruebas\/wp-content\/uploads\/2016\/06\/img1.png\" alt=\"\" class=\"wp-image-776\" style=\"aspect-ratio:4\/3;object-fit:cover\" srcset=\"https:\/\/observatorio-de-prisiones.documenta.org.mx\/desarrollo-pruebas\/wp-content\/uploads\/2016\/06\/img1.png 600w, https:\/\/observatorio-de-prisiones.documenta.org.mx\/desarrollo-pruebas\/wp-content\/uploads\/2016\/06\/img1-300x200.png 300w\" sizes=\"auto, (max-width: 600px) 100vw, 600px\" \/><\/figure>\n<\/div>\n\n\n\n<div class=\"wp-block-column is-vertically-aligned-center has-color-5-color has-text-color has-link-color wp-elements-09cb93b3bc8e5bddf56366e5ce414451 is-layout-flow wp-block-column-is-layout-flow\" style=\"padding-right:var(--wp--preset--spacing--50);padding-left:var(--wp--preset--spacing--50)\">\n<h2 class=\"wp-block-heading\">DATOS | El uso de la prisi\u00f3n en M\u00e9xico<\/h2>\n\n\n\n<p>Esta visualizaci\u00f3n presenta un panorama general sobre las personas privadas de la libertad en M\u00e9xico, diferenciando entre quienes enfrentan cargos por delitos del fuero com\u00fan (estatales) o del fuero federal (federales), su situaci\u00f3n jur\u00eddica (si est\u00e1n procesadas o sentenciadas) y su g\u00e9nero.<\/p>\n\n\n\n<div class=\"wp-block-buttons is-content-justification-right is-layout-flex wp-container-core-buttons-is-layout-765c4724 wp-block-buttons-is-layout-flex\">\n<div class=\"wp-block-button is-style-fill\"><a class=\"wp-block-button__link has-color-2-background-color has-background wp-element-button\" href=\"https:\/\/observatorio-de-prisiones.documenta.org.mx\/desarrollo-pruebas\/datos\/personas-privadas-de-la-libertad-v2\/\">Consulta los datos<\/a><\/div>\n<\/div>\n<\/div>\n<\/div>\n\n\n\n<div class=\"wp-block-columns alignfull has-gris-background-color has-background is-layout-flex wp-container-core-columns-is-layout-a180a1d0 wp-block-columns-is-layout-flex\" style=\"padding-top:var(--wp--preset--spacing--60);padding-right:var(--wp--preset--spacing--60);padding-bottom:var(--wp--preset--spacing--60);padding-left:var(--wp--preset--spacing--60)\">\n<div class=\"wp-block-column is-layout-flow wp-block-column-is-layout-flow\">\n<h2 class=\"wp-block-heading has-text-align-center\">Podcast La Visita<\/h2>\n\n\n<div class=\"pt-cv-wrapper\"><div class=\"pt-cv-view pt-cv-overlaygrid iscvblock iscvhybrid pt-cv-nooverlay pt-cv-clickable overlay1 layout1 view-white\" id=\"pt-cv-view-a6e7833z5r\"><div data-id=\"pt-cv-page-1\" class=\"pt-cv-page\" data-cvc=\"4\"><div class=\" pt-cv-content-item pt-cv-1-col\"  data-pid=\"7402\"><div class=\"pt-cv-thumb-wrapper  \"><a href=\"https:\/\/observatorio-de-prisiones.documenta.org.mx\/desarrollo-pruebas\/recursos\/podcast-la-visita\/temporada-2\/discapacidad-y-privacion-de-la-libertad-la-visita-t2e11\/\" class=\"_self pt-cv-href-thumbnail pt-cv-thumb-default cvplbd\" target=\"_self\" ><img loading=\"lazy\" decoding=\"async\" width=\"300\" height=\"150\" src=\"https:\/\/observatorio-de-prisiones.documenta.org.mx\/desarrollo-pruebas\/wp-content\/uploads\/2025\/11\/lavisita-t2e11-300x150.jpg\" class=\"pt-cv-thumbnail img-none\" alt=\"Podcast La Visita con Luc\u00eda Alvarado\" srcset=\"https:\/\/observatorio-de-prisiones.documenta.org.mx\/desarrollo-pruebas\/wp-content\/uploads\/2025\/11\/lavisita-t2e11-300x150.jpg 300w, https:\/\/observatorio-de-prisiones.documenta.org.mx\/desarrollo-pruebas\/wp-content\/uploads\/2025\/11\/lavisita-t2e11-1024x513.jpg 1024w, https:\/\/observatorio-de-prisiones.documenta.org.mx\/desarrollo-pruebas\/wp-content\/uploads\/2025\/11\/lavisita-t2e11-768x385.jpg 768w, https:\/\/observatorio-de-prisiones.documenta.org.mx\/desarrollo-pruebas\/wp-content\/uploads\/2025\/11\/lavisita-t2e11.jpg 1200w\" sizes=\"auto, (max-width: 300px) 100vw, 300px\" \/><\/a><\/div>\n<div class=\"pt-cv-overlay-wrapper\"><div class=\"pt-cv-taxoterm above_title\"><a href='https:\/\/observatorio-de-prisiones.documenta.org.mx\/desarrollo-pruebas\/category\/recursos\/podcast-la-visita\/temporada-2\/' title='Temporada 2' class='pt-cv-tax-temporada-2'>Temporada 2<\/a><\/div><h4 class=\"pt-cv-title\"><a href=\"https:\/\/observatorio-de-prisiones.documenta.org.mx\/desarrollo-pruebas\/recursos\/podcast-la-visita\/temporada-2\/discapacidad-y-privacion-de-la-libertad-la-visita-t2e11\/\" class=\"_self cvplbd\" target=\"_self\" >Discapacidad y privaci\u00f3n de la libertad. La visita T2E11<\/a><\/h4><div class=\"pt-cv-content\">Las personas con discapacidad son un grupo en especial situaci\u00f3n de vulnerabilidad por los prejuicios y estigmas que hay en &#8230;<\/div><\/div><\/div>\n<div class=\" pt-cv-content-item pt-cv-1-col\"  data-pid=\"7555\"><div class=\"pt-cv-thumb-wrapper  \"><a href=\"https:\/\/observatorio-de-prisiones.documenta.org.mx\/desarrollo-pruebas\/recursos\/podcast-la-visita\/temporada-1\/t1-ep20-muerte-en-custodia\/\" class=\"_self pt-cv-href-thumbnail pt-cv-thumb-default cvplbd\" target=\"_self\" ><img loading=\"lazy\" decoding=\"async\" width=\"300\" height=\"142\" src=\"https:\/\/observatorio-de-prisiones.documenta.org.mx\/desarrollo-pruebas\/wp-content\/uploads\/2025\/11\/podcast-la-visita-t1-e20-300x142.jpg\" class=\"pt-cv-thumbnail img-none\" alt=\"Podcast La visita - Temporada 1 - Episodio 20\" srcset=\"https:\/\/observatorio-de-prisiones.documenta.org.mx\/desarrollo-pruebas\/wp-content\/uploads\/2025\/11\/podcast-la-visita-t1-e20-300x142.jpg 300w, https:\/\/observatorio-de-prisiones.documenta.org.mx\/desarrollo-pruebas\/wp-content\/uploads\/2025\/11\/podcast-la-visita-t1-e20-1024x485.jpg 1024w, https:\/\/observatorio-de-prisiones.documenta.org.mx\/desarrollo-pruebas\/wp-content\/uploads\/2025\/11\/podcast-la-visita-t1-e20-768x364.jpg 768w, https:\/\/observatorio-de-prisiones.documenta.org.mx\/desarrollo-pruebas\/wp-content\/uploads\/2025\/11\/podcast-la-visita-t1-e20.jpg 1400w\" sizes=\"auto, (max-width: 300px) 100vw, 300px\" \/><\/a><\/div>\n<div class=\"pt-cv-overlay-wrapper\"><div class=\"pt-cv-taxoterm above_title\"><a href='https:\/\/observatorio-de-prisiones.documenta.org.mx\/desarrollo-pruebas\/category\/recursos\/podcast-la-visita\/temporada-1\/' title='Temporada 1' class='pt-cv-tax-temporada-1'>Temporada 1<\/a><\/div><h4 class=\"pt-cv-title\"><a href=\"https:\/\/observatorio-de-prisiones.documenta.org.mx\/desarrollo-pruebas\/recursos\/podcast-la-visita\/temporada-1\/t1-ep20-muerte-en-custodia\/\" class=\"_self cvplbd\" target=\"_self\" >T1.Ep20 \u2013 Muerte en custodia<\/a><\/h4><div class=\"pt-cv-content\">Las familias llevan mucho tiempo denunciando los fallecimientos no esclarecidos de las personas privadas de libertad y no est\u00e1n siendo &#8230;<\/div><\/div><\/div>\n<div class=\" pt-cv-content-item pt-cv-1-col\"  data-pid=\"7238\"><div class=\"pt-cv-thumb-wrapper  \"><a href=\"https:\/\/observatorio-de-prisiones.documenta.org.mx\/desarrollo-pruebas\/recursos\/podcast-la-visita\/temporada-3\/derecho-a-la-organizacion-y-participacion-de-los-familiares-la-visita-t3e11\/\" class=\"_self pt-cv-href-thumbnail pt-cv-thumb-default cvplbd\" target=\"_self\" ><img loading=\"lazy\" decoding=\"async\" width=\"300\" height=\"139\" src=\"https:\/\/observatorio-de-prisiones.documenta.org.mx\/desarrollo-pruebas\/wp-content\/uploads\/2025\/09\/la-visita-t3ep11-300x139.jpg\" class=\"pt-cv-thumbnail img-none\" alt=\"en texto: Derecho a la organizaci\u00f3n y participaci\u00f3n de los familiares\" srcset=\"https:\/\/observatorio-de-prisiones.documenta.org.mx\/desarrollo-pruebas\/wp-content\/uploads\/2025\/09\/la-visita-t3ep11-300x139.jpg 300w, https:\/\/observatorio-de-prisiones.documenta.org.mx\/desarrollo-pruebas\/wp-content\/uploads\/2025\/09\/la-visita-t3ep11-1024x473.jpg 1024w, https:\/\/observatorio-de-prisiones.documenta.org.mx\/desarrollo-pruebas\/wp-content\/uploads\/2025\/09\/la-visita-t3ep11-768x355.jpg 768w, https:\/\/observatorio-de-prisiones.documenta.org.mx\/desarrollo-pruebas\/wp-content\/uploads\/2025\/09\/la-visita-t3ep11.jpg 1030w\" sizes=\"auto, (max-width: 300px) 100vw, 300px\" \/><\/a><\/div>\n<div class=\"pt-cv-overlay-wrapper\"><div class=\"pt-cv-taxoterm above_title\"><a href='https:\/\/observatorio-de-prisiones.documenta.org.mx\/desarrollo-pruebas\/category\/recursos\/podcast-la-visita\/temporada-3\/' title='Temporada 3' class='pt-cv-tax-temporada-3'>Temporada 3<\/a><\/div><h4 class=\"pt-cv-title\"><a href=\"https:\/\/observatorio-de-prisiones.documenta.org.mx\/desarrollo-pruebas\/recursos\/podcast-la-visita\/temporada-3\/derecho-a-la-organizacion-y-participacion-de-los-familiares-la-visita-t3e11\/\" class=\"_self cvplbd\" target=\"_self\" >Derecho a la organizaci\u00f3n y participaci\u00f3n de los familiares. La Visita T3E11<\/a><\/h4><div class=\"pt-cv-content\">El acompa\u00f1amiento y la organizaci\u00f3n entre familiares de personas privadas de la libertad es clave, no solo para compartir informaci\u00f3n &#8230;<\/div><\/div><\/div>\n<div class=\" pt-cv-content-item pt-cv-1-col\"  data-pid=\"7237\"><div class=\"pt-cv-thumb-wrapper  \"><a href=\"https:\/\/observatorio-de-prisiones.documenta.org.mx\/desarrollo-pruebas\/recursos\/podcast-la-visita\/temporada-3\/casos-de-muerte-en-custodia-la-visita-t3e10\/\" class=\"_self pt-cv-href-thumbnail pt-cv-thumb-default cvplbd\" target=\"_self\" ><img loading=\"lazy\" decoding=\"async\" width=\"300\" height=\"139\" src=\"https:\/\/observatorio-de-prisiones.documenta.org.mx\/desarrollo-pruebas\/wp-content\/uploads\/2025\/09\/la-visita-t3ep10-300x139.jpg\" class=\"pt-cv-thumbnail img-none\" alt=\"En texto: Casos de muerte en custodia\" srcset=\"https:\/\/observatorio-de-prisiones.documenta.org.mx\/desarrollo-pruebas\/wp-content\/uploads\/2025\/09\/la-visita-t3ep10-300x139.jpg 300w, https:\/\/observatorio-de-prisiones.documenta.org.mx\/desarrollo-pruebas\/wp-content\/uploads\/2025\/09\/la-visita-t3ep10-1024x473.jpg 1024w, https:\/\/observatorio-de-prisiones.documenta.org.mx\/desarrollo-pruebas\/wp-content\/uploads\/2025\/09\/la-visita-t3ep10-768x355.jpg 768w, https:\/\/observatorio-de-prisiones.documenta.org.mx\/desarrollo-pruebas\/wp-content\/uploads\/2025\/09\/la-visita-t3ep10.jpg 1030w\" sizes=\"auto, (max-width: 300px) 100vw, 300px\" \/><\/a><\/div>\n<div class=\"pt-cv-overlay-wrapper\"><div class=\"pt-cv-taxoterm above_title\"><a href='https:\/\/observatorio-de-prisiones.documenta.org.mx\/desarrollo-pruebas\/category\/recursos\/podcast-la-visita\/temporada-3\/' title='Temporada 3' class='pt-cv-tax-temporada-3'>Temporada 3<\/a><\/div><h4 class=\"pt-cv-title\"><a href=\"https:\/\/observatorio-de-prisiones.documenta.org.mx\/desarrollo-pruebas\/recursos\/podcast-la-visita\/temporada-3\/casos-de-muerte-en-custodia-la-visita-t3e10\/\" class=\"_self cvplbd\" target=\"_self\" >Casos de muerte en custodia. La Visita T3E10<\/a><\/h4><div class=\"pt-cv-content\">Los casos de muerte en custodia deben ser investigados y sancionados, y toda la informaci\u00f3n relacionada debe ser compartida con &#8230;<\/div><\/div><\/div><\/div><\/div><\/div>\t\t\t<style type=\"text\/css\" id=\"pt-cv-inline-style-aefb886hg0\">#pt-cv-view-a6e7833z5r .pt-cv-thumb-wrapper::before {background: rgba(0,0,0,.4); opacity: 0.8;}#pt-cv-view-a6e7833z5r .pt-cv-overlay-wrapper {justify-content: flex-end;}\n#pt-cv-view-a6e7833z5r > .pt-cv-page {grid-template-columns: repeat(4, 1fr);grid-gap: 15px;}\n@media all and (max-width: 1024px) { \n#pt-cv-view-a6e7833z5r > .pt-cv-page {grid-template-columns: repeat(4, 1fr);}\n} \n@media all and (max-width: 767px) { \n#pt-cv-view-a6e7833z5r > .pt-cv-page {grid-template-columns: repeat(1, 1fr);}\n} <\/style>\r\n\t\t\t\t\t\t<style type=\"text\/css\" id=\"pt-cv-inline-style-fc2a39220i\">#pt-cv-view-a6e7833z5r .pt-cv-title a, #pt-cv-view-a6e7833z5r  .panel-title { font-weight: 600 !important; }\n#pt-cv-view-a6e7833z5r .pt-cv-readmore  { color: #ffffff !important; background-color: #00aeef !important; }\n#pt-cv-view-a6e7833z5r .pt-cv-readmore:hover  { color: #ffffff !important; background-color: #00aeef !important; }<\/style>\r\n\t\t\t\n\n\n<div style=\"height:4vw\" aria-hidden=\"true\" class=\"wp-block-spacer\"><\/div>\n\n\n\n<div class=\"wp-block-buttons is-content-justification-center is-layout-flex wp-container-core-buttons-is-layout-16018d1d wp-block-buttons-is-layout-flex\">\n<div class=\"wp-block-button is-style-fill\"><a class=\"wp-block-button__link has-color-2-background-color has-background wp-element-button\" href=\"https:\/\/observatorio-de-prisiones.documenta.org.mx\/desarrollo-pruebas\/category\/podcast-la-visita\/\">Escucha todos los episodios<\/a><\/div>\n<\/div>\n<\/div>\n<\/div>\n\n\n\n<div class=\"wp-block-columns alignfull are-vertically-aligned-center has-blanco-color has-text-color has-link-color wp-elements-a66eaf94f68d3d0d1aa7d143080db166 is-layout-flex wp-container-core-columns-is-layout-9d6595d7 wp-block-columns-is-layout-flex\">\n<div class=\"wp-block-column is-vertically-aligned-center is-layout-flow wp-block-column-is-layout-flow\">\n<figure class=\"wp-block-image size-large is-style-default redondear-der has-lightbox\"><img loading=\"lazy\" decoding=\"async\" width=\"1024\" height=\"549\" src=\"https:\/\/observatorio-de-prisiones.documenta.org.mx\/desarrollo-pruebas\/wp-content\/uploads\/2025\/08\/Captura-de-pantalla-2025-08-22-a-las-10.19.27-a.m-scaled-e1755880131682-1024x549.png\" alt=\"\" class=\"wp-image-7165\" style=\"aspect-ratio:16\/9;object-fit:cover\" srcset=\"https:\/\/observatorio-de-prisiones.documenta.org.mx\/desarrollo-pruebas\/wp-content\/uploads\/2025\/08\/Captura-de-pantalla-2025-08-22-a-las-10.19.27-a.m-scaled-e1755880131682-1024x549.png 1024w, https:\/\/observatorio-de-prisiones.documenta.org.mx\/desarrollo-pruebas\/wp-content\/uploads\/2025\/08\/Captura-de-pantalla-2025-08-22-a-las-10.19.27-a.m-scaled-e1755880131682-300x161.png 300w, https:\/\/observatorio-de-prisiones.documenta.org.mx\/desarrollo-pruebas\/wp-content\/uploads\/2025\/08\/Captura-de-pantalla-2025-08-22-a-las-10.19.27-a.m-scaled-e1755880131682-768x412.png 768w, https:\/\/observatorio-de-prisiones.documenta.org.mx\/desarrollo-pruebas\/wp-content\/uploads\/2025\/08\/Captura-de-pantalla-2025-08-22-a-las-10.19.27-a.m-scaled-e1755880131682.png 1536w\" sizes=\"auto, (max-width: 1024px) 100vw, 1024px\" \/><\/figure>\n<\/div>\n\n\n\n<div class=\"wp-block-column is-vertically-aligned-center has-color-5-color has-text-color has-link-color wp-elements-8c497c4d7cc325dfd11244ba6bcfd8da is-layout-flow wp-block-column-is-layout-flow\" style=\"padding-right:var(--wp--preset--spacing--50);padding-left:var(--wp--preset--spacing--50)\">\n<h3 class=\"wp-block-heading\">CONVERSATORIO | Encierros que trascienden. Cuidados que transforman<\/h3>\n\n\n\n<p>Acomp\u00e1\u00f1anos en este conversatorio donde visibilizaremos la realidad de las mujeres cuidadoras de personas privadas de la libertad y los retos que enfrentan en las redes familiares.<\/p>\n\n\n\n<div class=\"wp-block-buttons is-content-justification-right is-layout-flex wp-container-core-buttons-is-layout-765c4724 wp-block-buttons-is-layout-flex\">\n<div class=\"wp-block-button is-style-fill\"><a class=\"wp-block-button__link has-color-2-background-color has-background wp-element-button\" href=\"https:\/\/observatorio-de-prisiones.documenta.org.mx\/desarrollo-pruebas\/el-observatorio-en-video\/conversatorio-encierros-que-trascienden-cuidados-que-transforman\/\">Mira el conversatorio<\/a><\/div>\n<\/div>\n<\/div>\n<\/div>\n\n\n\n<div class=\"wp-block-columns alignfull are-vertically-aligned-center has-blanco-color has-text-color has-link-color wp-elements-f8e72cfe41a351059beea5588b539a2e is-layout-flex wp-container-core-columns-is-layout-9d6595d7 wp-block-columns-is-layout-flex\">\n<div class=\"wp-block-column is-vertically-aligned-center is-layout-flow wp-block-column-is-layout-flow\">\n<figure class=\"wp-block-image size-full is-style-default redondear-der has-lightbox\"><img loading=\"lazy\" decoding=\"async\" width=\"900\" height=\"529\" src=\"https:\/\/observatorio-de-prisiones.documenta.org.mx\/desarrollo-pruebas\/wp-content\/uploads\/2025\/09\/casarce-luego-carcel.jpg\" alt=\"Ilustraci\u00f3n de una hombre tras unas rejas de c\u00e1rcel\" class=\"wp-image-7245\" style=\"aspect-ratio:16\/9;object-fit:cover\" srcset=\"https:\/\/observatorio-de-prisiones.documenta.org.mx\/desarrollo-pruebas\/wp-content\/uploads\/2025\/09\/casarce-luego-carcel.jpg 900w, https:\/\/observatorio-de-prisiones.documenta.org.mx\/desarrollo-pruebas\/wp-content\/uploads\/2025\/09\/casarce-luego-carcel-300x176.jpg 300w, https:\/\/observatorio-de-prisiones.documenta.org.mx\/desarrollo-pruebas\/wp-content\/uploads\/2025\/09\/casarce-luego-carcel-768x451.jpg 768w\" sizes=\"auto, (max-width: 900px) 100vw, 900px\" \/><\/figure>\n<\/div>\n\n\n\n<div class=\"wp-block-column is-vertically-aligned-center has-color-5-color has-text-color has-link-color wp-elements-bd35e4472de0fba47f79bd2a16d00946 is-layout-flow wp-block-column-is-layout-flow\" style=\"padding-right:var(--wp--preset--spacing--50);padding-left:var(--wp--preset--spacing--50)\">\n<h3 class=\"wp-block-heading\">Casarse, tener hijos y luego\u2026 prisi\u00f3n<\/h3>\n\n\n\n<p>La privaci\u00f3n de la libertad de un ser querido en prisi\u00f3n afecta de muchas maneras. Conoce aqu\u00ed solo un ejemplo de lo que viven las familias que acompa\u00f1an.<\/p>\n\n\n\n<div class=\"wp-block-buttons is-content-justification-right is-layout-flex wp-container-core-buttons-is-layout-765c4724 wp-block-buttons-is-layout-flex\">\n<div class=\"wp-block-button is-style-fill\"><a class=\"wp-block-button__link has-color-2-background-color has-background wp-element-button\" href=\"https:\/\/observatorio-de-prisiones.documenta.org.mx\/desarrollo-pruebas\/el-observatorio-en-video\/casarse-tener-hijos-y-luego-prision\/\">Mira el video<\/a><\/div>\n<\/div>\n<\/div>\n<\/div>\n\n\n\n<div class=\"wp-block-cover alignfull is-style-default mb-0 mt-0\" style=\"min-height:60vh;aspect-ratio:unset;\"><img loading=\"lazy\" decoding=\"async\" width=\"1024\" height=\"473\" class=\"wp-block-cover__image-background wp-image-7221 size-large\" alt=\"Ilustraci\u00f3n de dos personas alcanzando un coraz\u00f3n de color p\u00farpura\" src=\"https:\/\/observatorio-de-prisiones.documenta.org.mx\/desarrollo-pruebas\/wp-content\/uploads\/2025\/09\/banner-principios-bogota-1024x473.jpg\" data-object-fit=\"cover\" srcset=\"https:\/\/observatorio-de-prisiones.documenta.org.mx\/desarrollo-pruebas\/wp-content\/uploads\/2025\/09\/banner-principios-bogota-1024x473.jpg 1024w, https:\/\/observatorio-de-prisiones.documenta.org.mx\/desarrollo-pruebas\/wp-content\/uploads\/2025\/09\/banner-principios-bogota-300x139.jpg 300w, https:\/\/observatorio-de-prisiones.documenta.org.mx\/desarrollo-pruebas\/wp-content\/uploads\/2025\/09\/banner-principios-bogota-768x355.jpg 768w, https:\/\/observatorio-de-prisiones.documenta.org.mx\/desarrollo-pruebas\/wp-content\/uploads\/2025\/09\/banner-principios-bogota.jpg 1030w\" sizes=\"auto, (max-width: 1024px) 100vw, 1024px\" \/><span aria-hidden=\"true\" class=\"wp-block-cover__background has-negativo-background-color has-background-dim\"><\/span><div class=\"wp-block-cover__inner-container is-layout-flow wp-block-cover-is-layout-flow\">\n<div class=\"wp-block-columns alignwide is-layout-flex wp-container-core-columns-is-layout-9d6595d7 wp-block-columns-is-layout-flex\">\n<div class=\"wp-block-column is-layout-flow wp-block-column-is-layout-flow\" style=\"flex-basis:10%\"><\/div>\n\n\n\n<div class=\"wp-block-column is-layout-flow wp-block-column-is-layout-flow\" style=\"flex-basis:80%\">\n<h2 class=\"wp-block-heading has-text-align-center has-gigantic-font-size\"><em>Principios de Bogot\u00e1<\/em><\/h2>\n\n\n\n<p><\/p>\n<\/div>\n\n\n\n<div class=\"wp-block-column is-layout-flow wp-block-column-is-layout-flow\" style=\"flex-basis:10%\"><\/div>\n<\/div>\n\n\n\n<div class=\"wp-block-columns alignwide is-layout-flex wp-container-core-columns-is-layout-9d6595d7 wp-block-columns-is-layout-flex\">\n<div class=\"wp-block-column is-layout-flow wp-block-column-is-layout-flow\"><\/div>\n\n\n\n<div class=\"wp-block-column is-layout-flow wp-block-column-is-layout-flow\" style=\"flex-basis:60%\">\n<p class=\"has-text-align-center has-text-color has-medium-font-size\" style=\"color:#ffffff\"><strong>Principios y buenas pr\u00e1cticas sobre la protecci\u00f3n de los derechos de las mujeres familiares de personas privadas de la libertad<\/strong><\/p>\n\n\n\n<div class=\"wp-block-buttons is-content-justification-center is-layout-flex wp-container-core-buttons-is-layout-16018d1d wp-block-buttons-is-layout-flex\">\n<div class=\"wp-block-button\"><a class=\"wp-block-button__link has-color-2-background-color has-background wp-element-button\" href=\"https:\/\/observatorio-de-prisiones.documenta.org.mx\/desarrollo-pruebas\/biblioteca\/publicaciones\/principios-y-buenas-practicas-sobre-la-proteccion-de-los-derechos-de-las-mujeres-familiares-de-personas-privadas-de-la-libertad\/\">Con\u00f3celos<\/a><\/div>\n<\/div>\n<\/div>\n\n\n\n<div class=\"wp-block-column is-layout-flow wp-block-column-is-layout-flow\"><\/div>\n<\/div>\n<\/div><\/div>\n\n\n\n<div class=\"wp-block-columns alignfull has-gris-background-color has-background is-layout-flex wp-container-core-columns-is-layout-a180a1d0 wp-block-columns-is-layout-flex\" style=\"padding-top:var(--wp--preset--spacing--60);padding-right:var(--wp--preset--spacing--60);padding-bottom:var(--wp--preset--spacing--60);padding-left:var(--wp--preset--spacing--60)\">\n<div class=\"wp-block-column is-layout-flow wp-block-column-is-layout-flow\">\n<h2 class=\"wp-block-heading has-text-align-center\">Centro de recursos<\/h2>\n\n\n<div class=\"pt-cv-wrapper\"><div class=\"pt-cv-view pt-cv-overlaygrid iscvblock iscvhybrid pt-cv-nooverlay pt-cv-nothumb pt-cv-clickable overlay1 layout1 view-white\" id=\"pt-cv-view-f39f2ebirt\"><div data-id=\"pt-cv-page-1\" class=\"pt-cv-page\" data-cvc=\"4\"><div class=\" pt-cv-content-item pt-cv-1-col\"  data-pid=\"7402\"><div class=\"pt-cv-overlay-wrapper\"><div class=\"pt-cv-taxoterm above_title\"><a href='https:\/\/observatorio-de-prisiones.documenta.org.mx\/desarrollo-pruebas\/category\/recursos\/podcast-la-visita\/temporada-2\/' title='Temporada 2' class='pt-cv-tax-temporada-2'>Temporada 2<\/a><\/div><h4 class=\"pt-cv-title\"><a href=\"https:\/\/observatorio-de-prisiones.documenta.org.mx\/desarrollo-pruebas\/recursos\/podcast-la-visita\/temporada-2\/discapacidad-y-privacion-de-la-libertad-la-visita-t2e11\/\" class=\"_self cvplbd\" target=\"_self\" >Discapacidad y privaci\u00f3n de la libertad. La visita T2E11<\/a><\/h4><\/div><\/div>\n<div class=\" pt-cv-content-item pt-cv-1-col\"  data-pid=\"7385\"><div class=\"pt-cv-overlay-wrapper\"><div class=\"pt-cv-taxoterm above_title\"><a href='https:\/\/observatorio-de-prisiones.documenta.org.mx\/desarrollo-pruebas\/category\/recursos\/el-observatorio-en-video\/' title='Videos' class='pt-cv-tax-el-observatorio-en-video'>Videos<\/a><\/div><h4 class=\"pt-cv-title\"><a href=\"https:\/\/observatorio-de-prisiones.documenta.org.mx\/desarrollo-pruebas\/recursos\/el-observatorio-en-video\/derecho-a-la-salud-de-las-personas-privadas-de-libertad-y-como-exigirlo\/\" class=\"_self cvplbd\" target=\"_self\" >Derecho a la salud de las personas privadas de libertad y c\u00f3mo exigirlo<\/a><\/h4><\/div><\/div>\n<div class=\" pt-cv-content-item pt-cv-1-col\"  data-pid=\"7594\"><div class=\"pt-cv-overlay-wrapper\"><div class=\"pt-cv-taxoterm above_title\"><a href='https:\/\/observatorio-de-prisiones.documenta.org.mx\/desarrollo-pruebas\/category\/recursos\/articulos-periodisticos\/' title='Art\u00edculos period\u00edsticos' class='pt-cv-tax-articulos-periodisticos'>Art\u00edculos period\u00edsticos<\/a><\/div><h4 class=\"pt-cv-title\"><a href=\"https:\/\/observatorio-de-prisiones.documenta.org.mx\/desarrollo-pruebas\/recursos\/articulos-periodisticos\/parir-tras-las-rejas-la-violencia-obstetrica-como-condena-doble-de-las-mujeres-en-prision\/\" class=\"_self cvplbd\" target=\"_self\" >Parir tras las Rejas: La Violencia Obst\u00e9trica como Condena Doble de las Mujeres en Prisi\u00f3n<\/a><\/h4><\/div><\/div>\n<div class=\" pt-cv-content-item pt-cv-1-col\"  data-pid=\"7244\"><div class=\"pt-cv-overlay-wrapper\"><div class=\"pt-cv-taxoterm above_title\"><a href='https:\/\/observatorio-de-prisiones.documenta.org.mx\/desarrollo-pruebas\/category\/recursos\/el-observatorio-en-video\/' title='Videos' class='pt-cv-tax-el-observatorio-en-video'>Videos<\/a><\/div><h4 class=\"pt-cv-title\"><a href=\"https:\/\/observatorio-de-prisiones.documenta.org.mx\/desarrollo-pruebas\/recursos\/el-observatorio-en-video\/casarse-tener-hijos-y-luego-prision\/\" class=\"_self cvplbd\" target=\"_self\" >Casarse, tener hijos y luego&#8230; prisi\u00f3n<\/a><\/h4><\/div><\/div>\n<div class=\" pt-cv-content-item pt-cv-1-col\"  data-pid=\"7312\"><div class=\"pt-cv-overlay-wrapper\"><div class=\"pt-cv-taxoterm above_title\"><a href='https:\/\/observatorio-de-prisiones.documenta.org.mx\/desarrollo-pruebas\/category\/recursos\/publicaciones-recursos\/' title='Publicaciones' class='pt-cv-tax-publicaciones-recursos'>Publicaciones<\/a><\/div><h4 class=\"pt-cv-title\"><a href=\"https:\/\/observatorio-de-prisiones.documenta.org.mx\/desarrollo-pruebas\/recursos\/publicaciones-recursos\/la-visita-entre-amor-y-resistencia\/\" class=\"_self cvplbd\" target=\"_self\" >La visita: entre amor y resistencia<\/a><\/h4><\/div><\/div>\n<div class=\" pt-cv-content-item pt-cv-1-col\"  data-pid=\"7555\"><div class=\"pt-cv-overlay-wrapper\"><div class=\"pt-cv-taxoterm above_title\"><a href='https:\/\/observatorio-de-prisiones.documenta.org.mx\/desarrollo-pruebas\/category\/recursos\/podcast-la-visita\/temporada-1\/' title='Temporada 1' class='pt-cv-tax-temporada-1'>Temporada 1<\/a><\/div><h4 class=\"pt-cv-title\"><a href=\"https:\/\/observatorio-de-prisiones.documenta.org.mx\/desarrollo-pruebas\/recursos\/podcast-la-visita\/temporada-1\/t1-ep20-muerte-en-custodia\/\" class=\"_self cvplbd\" target=\"_self\" >T1.Ep20 \u2013 Muerte en custodia<\/a><\/h4><\/div><\/div>\n<div class=\" pt-cv-content-item pt-cv-1-col\"  data-pid=\"7164\"><div class=\"pt-cv-overlay-wrapper\"><div class=\"pt-cv-taxoterm above_title\"><a href='https:\/\/observatorio-de-prisiones.documenta.org.mx\/desarrollo-pruebas\/category\/recursos\/el-observatorio-en-video\/' title='Videos' class='pt-cv-tax-el-observatorio-en-video'>Videos<\/a><\/div><h4 class=\"pt-cv-title\"><a href=\"https:\/\/observatorio-de-prisiones.documenta.org.mx\/desarrollo-pruebas\/recursos\/el-observatorio-en-video\/conversatorio-encierros-que-trascienden-cuidados-que-transforman\/\" class=\"_self cvplbd\" target=\"_self\" >CONVERSATORIO | Encierros que trascienden. Cuidados que transforman<\/a><\/h4><\/div><\/div>\n<div class=\" pt-cv-content-item pt-cv-1-col\"  data-pid=\"7353\"><div class=\"pt-cv-overlay-wrapper\"><div class=\"pt-cv-taxoterm above_title\"><a href='https:\/\/observatorio-de-prisiones.documenta.org.mx\/desarrollo-pruebas\/category\/recursos\/el-observatorio-en-video\/' title='Videos' class='pt-cv-tax-el-observatorio-en-video'>Videos<\/a><\/div><h4 class=\"pt-cv-title\"><a href=\"https:\/\/observatorio-de-prisiones.documenta.org.mx\/desarrollo-pruebas\/recursos\/el-observatorio-en-video\/documentat-cefereso-16\/\" class=\"_self cvplbd\" target=\"_self\" >DocumentaT | Cefereso 16<\/a><\/h4><\/div><\/div><\/div><\/div><\/div>\t\t\t<style type=\"text\/css\" id=\"pt-cv-inline-style-9305ecf60j\">#pt-cv-view-f39f2ebirt .pt-cv-thumb-wrapper::before {background: rgba(0,0,0,.4); opacity: 0.8;}#pt-cv-view-f39f2ebirt .pt-cv-overlay-wrapper {justify-content: flex-end;}\n#pt-cv-view-f39f2ebirt > .pt-cv-page {grid-template-columns: repeat(4, 1fr);grid-auto-rows: 250px;grid-gap: 15px;}\n@media all and (max-width: 1024px) { \n#pt-cv-view-f39f2ebirt > .pt-cv-page {grid-template-columns: repeat(4, 1fr);}\n} \n@media all and (max-width: 767px) { \n#pt-cv-view-f39f2ebirt > .pt-cv-page {grid-template-columns: repeat(1, 1fr);}\n} <\/style>\r\n\t\t\t\t\t\t<style type=\"text\/css\" id=\"pt-cv-inline-style-b444c2b30k\">#pt-cv-view-f39f2ebirt .pt-cv-title a, #pt-cv-view-f39f2ebirt  .panel-title { font-weight: 600 !important; }\n#pt-cv-view-f39f2ebirt .pt-cv-readmore  { color: #ffffff !important; background-color: #00aeef !important; }\n#pt-cv-view-f39f2ebirt .pt-cv-readmore:hover  { color: #ffffff !important; background-color: #00aeef !important; }<\/style>\r\n\t\t\t\n\n\n<div style=\"height:4vw\" aria-hidden=\"true\" class=\"wp-block-spacer\"><\/div>\n\n\n\n<div class=\"wp-block-buttons is-content-justification-center is-layout-flex wp-container-core-buttons-is-layout-16018d1d wp-block-buttons-is-layout-flex\">\n<div class=\"wp-block-button is-style-fill\"><a class=\"wp-block-button__link has-color-2-background-color has-background wp-element-button\" href=\"https:\/\/observatorio-de-prisiones.documenta.org.mx\/desarrollo-pruebas\/category\/recursos\/\">Ver todos los recursos<\/a><\/div>\n<\/div>\n<\/div>\n<\/div>\n","protected":false},"excerpt":{"rendered":"<p>\u00bfPara qu\u00e9 un observatorio de prisiones? En Documenta creemos que compartir informaci\u00f3n de calidad y explicada de forma sencilla ayuda a entender mejor una realidad compleja.&nbsp; El Observatorio muestra, con datos y evidencia, cu\u00e1l es la situaci\u00f3n de los centros penitenciarios del pa\u00eds. Queremos contribuir al fortalecimiento del estado de derecho y a combatir la [&hellip;]<\/p>\n","protected":false},"author":1,"featured_media":0,"parent":0,"menu_order":0,"comment_status":"closed","ping_status":"closed","template":"","meta":{"_coblocks_attr":"","_coblocks_dimensions":"","_coblocks_responsive_height":"","_coblocks_accordion_ie_support":"","_uag_custom_page_level_css":"","_monsterinsights_skip_tracking":false,"_monsterinsights_sitenote_active":false,"_monsterinsights_sitenote_note":"","_monsterinsights_sitenote_category":0,"_uf_show_specific_survey":0,"_uf_disable_surveys":false,"footnotes":""},"coauthors":[11],"class_list":["post-91","page","type-page","status-publish","hentry"],"uagb_featured_image_src":{"full":false,"thumbnail":false,"medium":false,"medium_large":false,"large":false,"1536x1536":false,"2048x2048":false,"post-thumbnail":false},"uagb_author_info":{"display_name":"documenta","author_link":"https:\/\/observatorio-de-prisiones.documenta.org.mx\/desarrollo-pruebas\/author\/documenta\/"},"uagb_comment_info":0,"uagb_excerpt":"\u00bfPara qu\u00e9 un observatorio de prisiones? En Documenta creemos que compartir informaci\u00f3n de calidad y explicada de forma sencilla ayuda a entender mejor una realidad compleja.&nbsp; El Observatorio muestra, con datos y evidencia, cu\u00e1l es la situaci\u00f3n de los centros penitenciarios del pa\u00eds. Queremos contribuir al fortalecimiento del estado de derecho y a combatir la&hellip;","_links":{"self":[{"href":"https:\/\/observatorio-de-prisiones.documenta.org.mx\/desarrollo-pruebas\/wp-json\/wp\/v2\/pages\/91","targetHints":{"allow":["GET"]}}],"collection":[{"href":"https:\/\/observatorio-de-prisiones.documenta.org.mx\/desarrollo-pruebas\/wp-json\/wp\/v2\/pages"}],"about":[{"href":"https:\/\/observatorio-de-prisiones.documenta.org.mx\/desarrollo-pruebas\/wp-json\/wp\/v2\/types\/page"}],"author":[{"embeddable":true,"href":"https:\/\/observatorio-de-prisiones.documenta.org.mx\/desarrollo-pruebas\/wp-json\/wp\/v2\/users\/1"}],"replies":[{"embeddable":true,"href":"https:\/\/observatorio-de-prisiones.documenta.org.mx\/desarrollo-pruebas\/wp-json\/wp\/v2\/comments?post=91"}],"version-history":[{"count":95,"href":"https:\/\/observatorio-de-prisiones.documenta.org.mx\/desarrollo-pruebas\/wp-json\/wp\/v2\/pages\/91\/revisions"}],"predecessor-version":[{"id":7503,"href":"https:\/\/observatorio-de-prisiones.documenta.org.mx\/desarrollo-pruebas\/wp-json\/wp\/v2\/pages\/91\/revisions\/7503"}],"wp:attachment":[{"href":"https:\/\/observatorio-de-prisiones.documenta.org.mx\/desarrollo-pruebas\/wp-json\/wp\/v2\/media?parent=91"}],"wp:term":[{"taxonomy":"author","embeddable":true,"href":"https:\/\/observatorio-de-prisiones.documenta.org.mx\/desarrollo-pruebas\/wp-json\/wp\/v2\/coauthors?post=91"}],"curies":[{"name":"wp","href":"https:\/\/api.w.org\/{rel}","templated":true}]}}